{"id":263,"date":"2024-04-06T20:05:15","date_gmt":"2024-04-06T20:05:15","guid":{"rendered":"https:\/\/culturalbridge.net\/?page_id=263"},"modified":"2024-04-11T17:26:22","modified_gmt":"2024-04-11T17:26:22","slug":"gvs-2021-decolonization-of-european-sociology","status":"publish","type":"page","link":"https:\/\/culturalbridge.net\/index.php\/gvs-2021-decolonization-of-european-sociology\/","title":{"rendered":"Global Virtual School 2021 \u2013 Decolonization of European Sociology"},"content":{"rendered":"\n<div class=\"wp-block-uagb-container uagb-block-c1f6kxil alignfull uagb-is-root-container\"><div class=\"uagb-container-inner-blocks-wrap\">\n<div data-aos= \"flip-down\" data-aos-duration=\"400\" data-aos-delay=\"0\" data-aos-easing=\"ease\" data-aos-once=\"true\" class=\"wp-block-uagb-image alignleft uagb-block-u3vebh20 wp-block-uagb-image--layout-default wp-block-uagb-image--effect-static wp-block-uagb-image--align-left\"><figure class=\"wp-block-uagb-image__figure\"><img loading=\"lazy\" decoding=\"async\" srcset=\"https:\/\/culturalbridge.net\/wp-content\/uploads\/2024\/03\/image-1-1024x379.png ,https:\/\/culturalbridge.net\/wp-content\/uploads\/2024\/03\/image-1.png 780w, https:\/\/culturalbridge.net\/wp-content\/uploads\/2024\/03\/image-1.png 360w\" sizes=\"auto, (max-width: 480px) 150px\" src=\"https:\/\/culturalbridge.net\/wp-content\/uploads\/2024\/03\/image-1-1024x379.png\" alt=\"\" class=\"uag-image-266\" width=\"1073\" height=\"350\" title=\"\" loading=\"lazy\" role=\"presentation\"\/><\/figure><\/div>\n\n\n\n<div class=\"wp-block-uagb-container uagb-block-byrflkcd\">\n<div class=\"wp-block-uagb-container uagb-block-ilhzbdpj\">\n<div data-aos= \"slide-right\" data-aos-duration=\"400\" data-aos-delay=\"0\" data-aos-easing=\"ease\" data-aos-once=\"true\" class=\"wp-block-uagb-info-box uagb-block-mx35qpsc uagb-infobox__content-wrap  uagb-infobox-icon-above-title uagb-infobox-image-valign-top\"><div class=\"uagb-ifb-content\"><div class=\"uagb-ifb-title-wrap\"><h1 class=\"uagb-ifb-title\">Global Virtual School 2021 \u2013 Decolonization of European Sociology<\/h1><\/div><\/div><\/div>\n<\/div>\n\n\n\n<div data-aos= \"slide-left\" data-aos-duration=\"400\" data-aos-delay=\"0\" data-aos-easing=\"ease\" data-aos-once=\"true\" class=\"wp-block-uagb-container uagb-block-dxop7bnz\">\n<div class=\"wp-block-uagb-info-box uagb-block-jbjlsvjq uagb-infobox__content-wrap  uagb-infobox-icon-above-title uagb-infobox-image-valign-top\"><div class=\"uagb-ifb-content\"><div class=\"uagb-ifb-title-wrap\"><\/div><p class=\"uagb-ifb-desc\">In GVS 2021, we delve into the process of decolonizing European sociology, challenging its colonial and ethnocentric perspectives to foster global understanding.<\/p><\/div><\/div>\n<\/div>\n<\/div>\n<\/div><\/div>\n\n\n\n<div class=\"wp-block-uagb-container uagb-block-lwklguaj alignfull uagb-is-root-container\"><div class=\"uagb-container-inner-blocks-wrap\">\n<div class=\"wp-block-uagb-info-box uagb-block-9ajgqwpj uagb-infobox__content-wrap  uagb-infobox-icon-above-title uagb-infobox-image-valign-top\"><div class=\"uagb-ifb-content\"><div class=\"uagb-ifb-title-wrap\"><h1 class=\"uagb-ifb-title\">Decolonizing European Sociology: Unveiling Global Perspectives<\/h1><\/div><p class=\"uagb-ifb-desc\">In Decolonizing European Sociology builds on the work challenging the androcentric, colonial and ethnocentric perspectives eminent in mainstream European sociology by identifying and describing the processes at work in its current critical transformation. This volume aims to read sociology against its revealing and disposing of its conventional European genealogy of thought and exposing its very national boundaries as limited perimeter to knowledge which are undoubtedly are global interconnections. Europe is considered as enduring center, as subject of sociological production, on the one hand and as main point of departure, as object of theory-building, on the other. However, Europe is basically a product of its colonial and imperial legacies, reflected in the discipline of sociology. Here, the chief aim is to \u201cprovincialize\u201d deconstruct and de-center Europe. This means confronting European sociology with its epistemological grounds and multifaceted societal movements, questioning it as a hegemonic center.<\/p><\/div><\/div>\n<\/div><\/div>\n\n\n\n<div class=\"wp-block-uagb-info-box uagb-block-2ah0n2ic uagb-infobox__content-wrap  uagb-infobox-icon-above-title uagb-infobox-image-valign-top\"><div class=\"uagb-ifb-content\"><div class=\"uagb-ifb-title-wrap\"><h1 class=\"uagb-ifb-title\">Timeline<\/h1><\/div><\/div><\/div>\n\n\n\n<div class=\"wp-block-uagb-content-timeline uagb-timeline__outer-wrap uagb-block-4ea4e9d4 uagb-timeline__content-wrap uagb-timeline__center-block  uagb-timeline__arrow-center uagb-timeline\">\n<article class=\"wp-block-uagb-content-timeline-child uagb-timeline__field uagb-timeline-child-4a7c5ac8 uagb-timeline__right\"><div class=\"uagb-timeline__marker out-view-uagb-timeline__icon\"><svg xmlns=\"https:\/\/www.w3.org\/2000\/svg\" viewBox=\"0 0 512 512\"><path d=\"M288 167.2V139.1c-28.25-36.38-47.13-79.29-54.13-125.2C231.7 .4054 214.8-5.02 206.1 5.481C184.1 30.36 168.4 59.7 157.2 92.07C191.4 130.3 237.2 156.7 288 167.2zM400 63.97c-44.25 0-79.1 35.82-79.1 80.08l.0014 59.44c-104.4-6.251-193-70.46-233-161.7C81.48 29.25 63.76 28.58 58.01 40.83C41.38 75.96 32.01 115.2 32.01 156.6c0 70.76 34.11 136.9 85.11 185.9c13.12 12.75 26.13 23.27 38.88 32.77L12.12 411.2c-10.75 2.75-15.5 15.09-9.5 24.47c17.38 26.88 60.42 72.54 153.2 76.29c8 .25 15.99-2.633 22.12-7.883l65.23-56.12l76.84 .0561c88.38 0 160-71.49 160-159.9l.0013-160.2l31.1-63.99L400 63.97zM400 160.1c-8.75 0-16.01-7.259-16.01-16.01c0-8.876 7.261-16.05 16.01-16.05s15.99 7.136 15.99 16.01C416 152.8 408.8 160.1 400 160.1z\"><\/path><\/svg><\/div><div class=\"uagb-timeline__day-new uagb-timeline__day-right uagb-timeline__events-inner-new\"><div class=\"uagb-timeline__events-inner--content\"><div class=\"uagb-timeline__date-hide uagb-timeline__inner-date-new\">March 3, 2021<\/div><h3 class=\"uagb-timeline__heading\">Day 1<\/h3><p class=\"uagb-timeline-desc-content\">Professor Dr. Encarnaci\u00f3n Guti\u00e9rrez Rodr\u00edguez will be delivering a lecture session lasting 90 minutes, followed by a 45-minute Q&amp;A session, starting at 1300 hours.<\/p><div class=\"uagb-timeline__arrow\"><\/div><\/div><\/div><div class=\"uagb-timeline__date-new\">March 3, 2021<\/div><\/article>\n\n\n\n<article class=\"wp-block-uagb-content-timeline-child uagb-timeline__field uagb-timeline-child-9c785ad8 uagb-timeline__left\"><div class=\"uagb-timeline__marker out-view-uagb-timeline__icon\"><svg xmlns=\"https:\/\/www.w3.org\/2000\/svg\" viewBox=\"0 0 512 512\"><path d=\"M288 167.2V139.1c-28.25-36.38-47.13-79.29-54.13-125.2C231.7 .4054 214.8-5.02 206.1 5.481C184.1 30.36 168.4 59.7 157.2 92.07C191.4 130.3 237.2 156.7 288 167.2zM400 63.97c-44.25 0-79.1 35.82-79.1 80.08l.0014 59.44c-104.4-6.251-193-70.46-233-161.7C81.48 29.25 63.76 28.58 58.01 40.83C41.38 75.96 32.01 115.2 32.01 156.6c0 70.76 34.11 136.9 85.11 185.9c13.12 12.75 26.13 23.27 38.88 32.77L12.12 411.2c-10.75 2.75-15.5 15.09-9.5 24.47c17.38 26.88 60.42 72.54 153.2 76.29c8 .25 15.99-2.633 22.12-7.883l65.23-56.12l76.84 .0561c88.38 0 160-71.49 160-159.9l.0013-160.2l31.1-63.99L400 63.97zM400 160.1c-8.75 0-16.01-7.259-16.01-16.01c0-8.876 7.261-16.05 16.01-16.05s15.99 7.136 15.99 16.01C416 152.8 408.8 160.1 400 160.1z\"><\/path><\/svg><\/div><div class=\"uagb-timeline__day-new uagb-timeline__day-left uagb-timeline__events-inner-new\"><div class=\"uagb-timeline__events-inner--content\"><div class=\"uagb-timeline__date-hide uagb-timeline__inner-date-new\">March 4, 2021<\/div><h3 class=\"uagb-timeline__heading\"> Day 2<\/h3><p class=\"uagb-timeline-desc-content\">Professor Dr. Manuela Boatc\u0103 will be conducting a lecture session lasting 90 minutes, along with a subsequent 45-minute Q&amp;A session, commencing at 1300 hours.<\/p><div class=\"uagb-timeline__arrow\"><\/div><\/div><\/div><div class=\"uagb-timeline__date-new\">March 4, 2021<\/div><\/article>\n\n\n\n<article class=\"wp-block-uagb-content-timeline-child uagb-timeline__field uagb-timeline-child-efe60b4c uagb-timeline__right\"><div class=\"uagb-timeline__marker out-view-uagb-timeline__icon\"><svg xmlns=\"https:\/\/www.w3.org\/2000\/svg\" viewBox=\"0 0 512 512\"><path d=\"M288 167.2V139.1c-28.25-36.38-47.13-79.29-54.13-125.2C231.7 .4054 214.8-5.02 206.1 5.481C184.1 30.36 168.4 59.7 157.2 92.07C191.4 130.3 237.2 156.7 288 167.2zM400 63.97c-44.25 0-79.1 35.82-79.1 80.08l.0014 59.44c-104.4-6.251-193-70.46-233-161.7C81.48 29.25 63.76 28.58 58.01 40.83C41.38 75.96 32.01 115.2 32.01 156.6c0 70.76 34.11 136.9 85.11 185.9c13.12 12.75 26.13 23.27 38.88 32.77L12.12 411.2c-10.75 2.75-15.5 15.09-9.5 24.47c17.38 26.88 60.42 72.54 153.2 76.29c8 .25 15.99-2.633 22.12-7.883l65.23-56.12l76.84 .0561c88.38 0 160-71.49 160-159.9l.0013-160.2l31.1-63.99L400 63.97zM400 160.1c-8.75 0-16.01-7.259-16.01-16.01c0-8.876 7.261-16.05 16.01-16.05s15.99 7.136 15.99 16.01C416 152.8 408.8 160.1 400 160.1z\"><\/path><\/svg><\/div><div class=\"uagb-timeline__day-new uagb-timeline__day-right uagb-timeline__events-inner-new\"><div class=\"uagb-timeline__events-inner--content\"><div class=\"uagb-timeline__date-hide uagb-timeline__inner-date-new\">March 5, 2021<\/div><h3 class=\"uagb-timeline__heading\">Day 3<\/h3><p class=\"uagb-timeline-desc-content\">Professor Dr. S\u00e9rgio Costa will be hosting a session scheduled for 1300 hours, comprising a 1-hour lecture followed by a 30-minute Q&amp;A session.<\/p><div class=\"uagb-timeline__arrow\"><\/div><\/div><\/div><div class=\"uagb-timeline__date-new\">March 5, 2021<\/div><\/article>\n<div class=\"uagb-timeline__line\"><div class=\"uagb-timeline__line__inner\"><\/div><\/div><\/div>\n\n\n\n<h2 class=\"wp-block-heading\"><\/h2>\n\n\n\n<p><\/p>\n\n\n\n<p><\/p>\n\n\n\n<div class=\"wp-block-uagb-info-box uagb-block-orfc3r1t uagb-infobox__content-wrap  uagb-infobox-icon-above-title uagb-infobox-image-valign-top\"><div class=\"uagb-ifb-content\"><div class=\"uagb-ifb-title-wrap\"><h2 class=\"uagb-ifb-title\">Organizing Team and Facilitators:<\/h2><\/div><p class=\"uagb-ifb-desc\"><em>Mr. Pranjal Srivastava, Ms. Anika Vashisth, Ms. Niharika Raizada, Akshay, Dr. Vishnu Ramdeo, Dr. Andrea Silva-Tapia<\/em><\/p><\/div><\/div>\n\n\n\n<div class=\"wp-block-uagb-container uagb-block-sjj4nrkf alignfull uagb-is-root-container\"><div class=\"uagb-container-inner-blocks-wrap\">\n<div class=\"wp-block-uagb-container uagb-block-mqfjrq6q\">\n<div data-aos= \"flip-down\" data-aos-duration=\"400\" data-aos-delay=\"0\" data-aos-easing=\"ease\" data-aos-once=\"true\" class=\"wp-block-uagb-image aligncenter uagb-block-dvsv0oxl wp-block-uagb-image--layout-default wp-block-uagb-image--effect-static wp-block-uagb-image--align-center\"><figure class=\"wp-block-uagb-image__figure\"><img loading=\"lazy\" decoding=\"async\" srcset=\"https:\/\/culturalbridge.net\/wp-content\/uploads\/2024\/03\/255-1024x576.jpg ,https:\/\/culturalbridge.net\/wp-content\/uploads\/2024\/03\/255.jpg 780w, https:\/\/culturalbridge.net\/wp-content\/uploads\/2024\/03\/255.jpg 360w\" sizes=\"auto, (max-width: 480px) 150px\" src=\"https:\/\/culturalbridge.net\/wp-content\/uploads\/2024\/03\/255-1024x576.jpg\" alt=\"\" class=\"uag-image-267\" width=\"584\" height=\"350\" title=\"255\" loading=\"lazy\" role=\"img\"\/><\/figure><\/div>\n<\/div>\n<\/div><\/div>\n\n\n\n<h2 class=\"wp-block-heading\"><\/h2>\n\n\n\n<div class=\"wp-block-uagb-info-box uagb-block-99b5c83b uagb-infobox__content-wrap  uagb-infobox-icon-above-title uagb-infobox-image-valign-top\"><div class=\"uagb-ifb-content\"><div class=\"uagb-ifb-title-wrap\"><h2 class=\"uagb-ifb-title\">Meet Our Speakers<\/h2><\/div><\/div><\/div>\n\n\n\n<div class=\"wp-block-uagb-container uagb-block-6b7k3jff alignfull uagb-is-root-container\"><div class=\"uagb-container-inner-blocks-wrap\">\n<div class=\"wp-block-uagb-container uagb-block-2hmzzelq\">\n<div class=\"wp-block-uagb-container uagb-block-mebsscve\">\n<div data-aos= \"zoom-out\" data-aos-duration=\"400\" data-aos-delay=\"0\" data-aos-easing=\"ease\" data-aos-once=\"true\" class=\"wp-block-uagb-image aligncenter uagb-block-3mbmycxa wp-block-uagb-image--layout-default wp-block-uagb-image--effect-static wp-block-uagb-image--align-center\"><figure class=\"wp-block-uagb-image__figure\"><img loading=\"lazy\" decoding=\"async\" srcset=\"https:\/\/culturalbridge.net\/wp-content\/uploads\/2024\/03\/2-1024x1024.jpg ,https:\/\/culturalbridge.net\/wp-content\/uploads\/2024\/03\/2.jpg 780w, https:\/\/culturalbridge.net\/wp-content\/uploads\/2024\/03\/2.jpg 360w\" sizes=\"auto, (max-width: 480px) 150px\" src=\"https:\/\/culturalbridge.net\/wp-content\/uploads\/2024\/03\/2-1024x1024.jpg\" alt=\"\" class=\"uag-image-268\" width=\"365\" height=\"368\" title=\"2\" loading=\"lazy\" role=\"img\"\/><\/figure><\/div>\n\n\n\n<div class=\"wp-block-uagb-container uagb-block-unvgehzg\">\n<div class=\"wp-block-uagb-info-box uagb-block-ikajan5l uagb-infobox__content-wrap  uagb-infobox-icon-above-title uagb-infobox-image-valign-top\"><div class=\"uagb-ifb-content\"><div class=\"uagb-ifb-title-wrap\"><h5 class=\"uagb-ifb-title\">P<strong>rof. Dr. Encarnaci\u00f3n Guti\u00e9rrez Rodr\u00edguez<\/strong><\/h5><\/div><p class=\"uagb-ifb-desc\">Renowned sociologist specializing in global inequalities, with expertise in post\/Marxist, decolonial perspectives on migration, labor, culture.<\/p><\/div><\/div>\n<\/div>\n<\/div>\n\n\n\n<div class=\"wp-block-uagb-container uagb-block-vlh0vqfp\">\n<div data-aos= \"zoom-out\" data-aos-duration=\"400\" data-aos-delay=\"0\" data-aos-easing=\"ease\" data-aos-once=\"true\" class=\"wp-block-uagb-image aligncenter uagb-block-k2ee5cgm wp-block-uagb-image--layout-default wp-block-uagb-image--effect-static wp-block-uagb-image--align-center\"><figure class=\"wp-block-uagb-image__figure\"><img loading=\"lazy\" decoding=\"async\" srcset=\"https:\/\/culturalbridge.net\/wp-content\/uploads\/2024\/03\/4-2-1024x1024.jpg ,https:\/\/culturalbridge.net\/wp-content\/uploads\/2024\/03\/4-2.jpg 780w, https:\/\/culturalbridge.net\/wp-content\/uploads\/2024\/03\/4-2.jpg 360w\" sizes=\"auto, (max-width: 480px) 150px\" src=\"https:\/\/culturalbridge.net\/wp-content\/uploads\/2024\/03\/4-2-1024x1024.jpg\" alt=\"\" class=\"uag-image-270\" width=\"368\" height=\"368\" title=\"4-2\" loading=\"lazy\" role=\"img\"\/><\/figure><\/div>\n\n\n\n<div class=\"wp-block-uagb-container uagb-block-w5cfugpm\">\n<div class=\"wp-block-uagb-info-box uagb-block-t4tlia5w uagb-infobox__content-wrap  uagb-infobox-icon-above-title uagb-infobox-image-valign-top\"><div class=\"uagb-ifb-content\"><div class=\"uagb-ifb-title-wrap\"><h5 class=\"uagb-ifb-title\"><strong>Prof. Dr. Sergio Costa<\/strong> <\/h5><\/div><p class=\"uagb-ifb-desc\">Economist turned sociologist specializing in social movements, democratization, anti-racism, and cosmopolitanism, with a focus on Latin America.<\/p><\/div><\/div>\n<\/div>\n<\/div>\n\n\n\n<div class=\"wp-block-uagb-container uagb-block-3kj8je5h\">\n<div data-aos= \"zoom-out\" data-aos-duration=\"400\" data-aos-delay=\"0\" data-aos-easing=\"ease\" data-aos-once=\"true\" class=\"wp-block-uagb-image aligncenter uagb-block-mpdlsrzx wp-block-uagb-image--layout-default wp-block-uagb-image--effect-static wp-block-uagb-image--align-center\"><figure class=\"wp-block-uagb-image__figure\"><img loading=\"lazy\" decoding=\"async\" srcset=\"https:\/\/culturalbridge.net\/wp-content\/uploads\/2024\/03\/3-1024x1024.jpg ,https:\/\/culturalbridge.net\/wp-content\/uploads\/2024\/03\/3.jpg 780w, https:\/\/culturalbridge.net\/wp-content\/uploads\/2024\/03\/3.jpg 360w\" sizes=\"auto, (max-width: 480px) 150px\" src=\"https:\/\/culturalbridge.net\/wp-content\/uploads\/2024\/03\/3-1024x1024.jpg\" alt=\"\" class=\"uag-image-269\" width=\"368\" height=\"368\" title=\"3\" loading=\"lazy\" role=\"img\"\/><\/figure><\/div>\n\n\n\n<div class=\"wp-block-uagb-container uagb-block-ee9myonf\">\n<div class=\"wp-block-uagb-info-box uagb-block-anemjikh uagb-infobox__content-wrap  uagb-infobox-icon-above-title uagb-infobox-image-valign-top\"><div class=\"uagb-ifb-content\"><div class=\"uagb-ifb-title-wrap\"><h5 class=\"uagb-ifb-title\"><strong>Prof. Dr. Manuela Boatc\u0103<\/strong>,<\/h5><\/div><p class=\"uagb-ifb-desc\">An esteemed sociologist specializing in macrosociology, leading the Global Studies Program, with a background in literature, focusing on historical and comparative sociology.<\/p><\/div><\/div>\n<\/div>\n<\/div>\n<\/div>\n<\/div><\/div>\n\n\n\n<p><\/p>\n","protected":false},"excerpt":{"rendered":"","protected":false},"author":2,"featured_media":0,"parent":0,"menu_order":0,"comment_status":"closed","ping_status":"closed","template":"","meta":{"_uag_custom_page_level_css":"","footnotes":""},"class_list":["post-263","page","type-page","status-publish","hentry"],"uagb_featured_image_src":{"full":false,"thumbnail":false,"medium":false,"medium_large":false,"large":false,"timeline-express":false,"timeline-express-thumbnail":false,"1536x1536":false,"2048x2048":false,"tb-timeline-landscape":false,"tb-timeline-square":false,"inspiro-featured-image":false,"inspiro-loop":false,"inspiro-loop@2x":false},"uagb_author_info":{"display_name":"Hemanth","author_link":"https:\/\/culturalbridge.net\/index.php\/author\/hemanth\/"},"uagb_comment_info":0,"uagb_excerpt":null,"_links":{"self":[{"href":"https:\/\/culturalbridge.net\/index.php\/wp-json\/wp\/v2\/pages\/263","targetHints":{"allow":["GET"]}}],"collection":[{"href":"https:\/\/culturalbridge.net\/index.php\/wp-json\/wp\/v2\/pages"}],"about":[{"href":"https:\/\/culturalbridge.net\/index.php\/wp-json\/wp\/v2\/types\/page"}],"author":[{"embeddable":true,"href":"https:\/\/culturalbridge.net\/index.php\/wp-json\/wp\/v2\/users\/2"}],"replies":[{"embeddable":true,"href":"https:\/\/culturalbridge.net\/index.php\/wp-json\/wp\/v2\/comments?post=263"}],"version-history":[{"count":8,"href":"https:\/\/culturalbridge.net\/index.php\/wp-json\/wp\/v2\/pages\/263\/revisions"}],"predecessor-version":[{"id":667,"href":"https:\/\/culturalbridge.net\/index.php\/wp-json\/wp\/v2\/pages\/263\/revisions\/667"}],"wp:attachment":[{"href":"https:\/\/culturalbridge.net\/index.php\/wp-json\/wp\/v2\/media?parent=263"}],"curies":[{"name":"wp","href":"https:\/\/api.w.org\/{rel}","templated":true}]}}